{"id":23246,"date":"2024-08-31T17:39:50","date_gmt":"2024-08-31T15:39:50","guid":{"rendered":"https:\/\/www.galerie-braunbehrens.de\/?post_type=tribe_events&#038;p=23246"},"modified":"2024-10-16T16:39:09","modified_gmt":"2024-10-16T14:39:09","slug":"23246","status":"publish","type":"tribe_events","link":"https:\/\/www.galerie-braunbehrens.de\/en\/event\/23246\/","title":{"rendered":"J\u00fcrgen Paas &#8211; Colour Machine"},"content":{"rendered":"<div  style='padding-bottom:10px; font-size:80px;' class='av-special-heading av-special-heading-h3  blockquote modern-quote modern-centered  event-single-title av-inherit-size '><h3 class='av-special-heading-tag '  itemprop=\"headline\"  >J\u00fcrgen Paas &#8211; Colour Machine<\/h3><div class ='av-subheading av-subheading_below  ' style='font-size:20px;'><p>From Saturday 21. September until Thursday 7. November<\/p>\n<\/div><div class='special-heading-border'><div class='special-heading-inner-border' ><\/div><\/div><\/div>\n<div class=\"flex_column av_one_full  flex_column_div av-zero-column-padding first  \" style='border-radius:0px; '><div  class='av-horizontal-gallery av-horizontal-gallery-large-gap av-horizontal-gallery-enlarge-effect av-horizontal-gallery-1  av-control-default '  itemprop=\"image\" itemscope=\"itemscope\" itemtype=\"https:\/\/schema.org\/ImageObject\"  style='padding: 6% 0px;' data-av-enlarge='1.3'  ><div class='avia-slideshow-arrows avia-slideshow-controls' ><a href='#prev' class='prev-slide av-horizontal-gallery-prev' aria-hidden='true' data-av_icon='\ue87c' data-av_iconfont='entypo-fontello' aria-hidden='true' tabindex='-1'>Previous<\/a><a href='#next' class='next-slide av-horizontal-gallery-next' aria-hidden='true' data-av_icon='\ue87d' data-av_iconfont='entypo-fontello' aria-hidden='true' tabindex='-1'>Next<\/a><\/div><div class='av-horizontal-gallery-inner' style='padding-bottom:40%' data-av-height='40'><div class='av-horizontal-gallery-slider'><div class='av-horizontal-gallery-wrap noHover'><img decoding=\"async\" class='wp-image-23214 avia-img-lazy-loading-not-23214 av-horizontal-gallery-img' width=\"1536\" height=\"1266\" src=\"https:\/\/www.galerie-braunbehrens.de\/wp-content\/uploads\/2024\/08\/JB_269_70x118x8_2023.LI_-1536x1266.png\" title='J\u00fcrgen Paas, JUKEBOX JB 269, 2023, PVC, Multiplex, 70 x 118 x 8cm \u00a9 Peter Jagusch' alt='' srcset=\"https:\/\/www.galerie-braunbehrens.de\/wp-content\/uploads\/2024\/08\/JB_269_70x118x8_2023.LI_-1536x1266.png 1536w, https:\/\/www.galerie-braunbehrens.de\/wp-content\/uploads\/2024\/08\/JB_269_70x118x8_2023.LI_-300x247.png 300w, https:\/\/www.galerie-braunbehrens.de\/wp-content\/uploads\/2024\/08\/JB_269_70x118x8_2023.LI_-1030x849.png 1030w, https:\/\/www.galerie-braunbehrens.de\/wp-content\/uploads\/2024\/08\/JB_269_70x118x8_2023.LI_-768x633.png 768w, https:\/\/www.galerie-braunbehrens.de\/wp-content\/uploads\/2024\/08\/JB_269_70x118x8_2023.LI_-1500x1237.png 1500w, https:\/\/www.galerie-braunbehrens.de\/wp-content\/uploads\/2024\/08\/JB_269_70x118x8_2023.LI_-705x581.png 705w, https:\/\/www.galerie-braunbehrens.de\/wp-content\/uploads\/2024\/08\/JB_269_70x118x8_2023.LI_.png 2000w\" sizes=\"(max-width: 1536px) 100vw, 1536px\" \/><a href=\"https:\/\/www.galerie-braunbehrens.de\/wp-content\/uploads\/2024\/08\/JB_269_70x118x8_2023.LI_-1030x849.png\" data-srcset=\"https:\/\/www.galerie-braunbehrens.de\/wp-content\/uploads\/2024\/08\/JB_269_70x118x8_2023.LI_-1030x849.png 1030w, https:\/\/www.galerie-braunbehrens.de\/wp-content\/uploads\/2024\/08\/JB_269_70x118x8_2023.LI_-300x247.png 300w, https:\/\/www.galerie-braunbehrens.de\/wp-content\/uploads\/2024\/08\/JB_269_70x118x8_2023.LI_-768x633.png 768w, https:\/\/www.galerie-braunbehrens.de\/wp-content\/uploads\/2024\/08\/JB_269_70x118x8_2023.LI_-1536x1266.png 1536w, https:\/\/www.galerie-braunbehrens.de\/wp-content\/uploads\/2024\/08\/JB_269_70x118x8_2023.LI_-1500x1237.png 1500w, https:\/\/www.galerie-braunbehrens.de\/wp-content\/uploads\/2024\/08\/JB_269_70x118x8_2023.LI_-705x581.png 705w, https:\/\/www.galerie-braunbehrens.de\/wp-content\/uploads\/2024\/08\/JB_269_70x118x8_2023.LI_.png 2000w\" data-sizes=\"(max-width: 1030px) 100vw, 1030px\" class='av-horizontal-gallery-link' aria-hidden='true' data-av_icon='\ue869' data-av_iconfont='entypo-fontello' title='J\u00fcrgen Paas, JUKEBOX JB 269, 2023, PVC, Multiplex, 70 x 118 x 8cm \u00a9 Peter Jagusch' alt=''><\/a><\/div><div class='av-horizontal-gallery-wrap noHover'><img decoding=\"async\" class='wp-image-23379 avia-img-lazy-loading-not-23379 av-horizontal-gallery-img' width=\"1536\" height=\"1025\" src=\"https:\/\/www.galerie-braunbehrens.de\/wp-content\/uploads\/2024\/08\/paas-braunbehrens_A7R2103-LowRes-1536x1025.jpg\" title='J\u00fcrgen Paas, TARGET\/Wall-Ensemble J\u00fcrgen Paas PVC-Farbb\u00e4nder, Alluwellen ; 2018\/2022 \u00a9 Peter Jagusch' alt='' srcset=\"https:\/\/www.galerie-braunbehrens.de\/wp-content\/uploads\/2024\/08\/paas-braunbehrens_A7R2103-LowRes-1536x1025.jpg 1536w, https:\/\/www.galerie-braunbehrens.de\/wp-content\/uploads\/2024\/08\/paas-braunbehrens_A7R2103-LowRes-300x200.jpg 300w, https:\/\/www.galerie-braunbehrens.de\/wp-content\/uploads\/2024\/08\/paas-braunbehrens_A7R2103-LowRes-1030x687.jpg 1030w, https:\/\/www.galerie-braunbehrens.de\/wp-content\/uploads\/2024\/08\/paas-braunbehrens_A7R2103-LowRes-768x512.jpg 768w, https:\/\/www.galerie-braunbehrens.de\/wp-content\/uploads\/2024\/08\/paas-braunbehrens_A7R2103-LowRes-2048x1366.jpg 2048w, https:\/\/www.galerie-braunbehrens.de\/wp-content\/uploads\/2024\/08\/paas-braunbehrens_A7R2103-LowRes-1500x1001.jpg 1500w, https:\/\/www.galerie-braunbehrens.de\/wp-content\/uploads\/2024\/08\/paas-braunbehrens_A7R2103-LowRes-705x470.jpg 705w\" sizes=\"(max-width: 1536px) 100vw, 1536px\" \/><a href=\"https:\/\/www.galerie-braunbehrens.de\/wp-content\/uploads\/2024\/08\/paas-braunbehrens_A7R2103-LowRes-1030x687.jpg\" data-srcset=\"https:\/\/www.galerie-braunbehrens.de\/wp-content\/uploads\/2024\/08\/paas-braunbehrens_A7R2103-LowRes-1030x687.jpg 1030w, https:\/\/www.galerie-braunbehrens.de\/wp-content\/uploads\/2024\/08\/paas-braunbehrens_A7R2103-LowRes-300x200.jpg 300w, https:\/\/www.galerie-braunbehrens.de\/wp-content\/uploads\/2024\/08\/paas-braunbehrens_A7R2103-LowRes-768x512.jpg 768w, https:\/\/www.galerie-braunbehrens.de\/wp-content\/uploads\/2024\/08\/paas-braunbehrens_A7R2103-LowRes-1536x1025.jpg 1536w, https:\/\/www.galerie-braunbehrens.de\/wp-content\/uploads\/2024\/08\/paas-braunbehrens_A7R2103-LowRes-2048x1366.jpg 2048w, https:\/\/www.galerie-braunbehrens.de\/wp-content\/uploads\/2024\/08\/paas-braunbehrens_A7R2103-LowRes-1500x1001.jpg 1500w, https:\/\/www.galerie-braunbehrens.de\/wp-content\/uploads\/2024\/08\/paas-braunbehrens_A7R2103-LowRes-705x470.jpg 705w\" data-sizes=\"(max-width: 1030px) 100vw, 1030px\" class='av-horizontal-gallery-link' aria-hidden='true' data-av_icon='\ue869' data-av_iconfont='entypo-fontello' title='J\u00fcrgen Paas, TARGET\/Wall-Ensemble J\u00fcrgen Paas PVC-Farbb\u00e4nder, Alluwellen ; 2018\/2022 \u00a9 Peter Jagusch' alt=''><\/a><\/div><div class='av-horizontal-gallery-wrap noHover'><img decoding=\"async\" class='wp-image-23289 avia-img-lazy-loading-not-23289 av-horizontal-gallery-img' width=\"1536\" height=\"1025\" src=\"https:\/\/www.galerie-braunbehrens.de\/wp-content\/uploads\/2024\/10\/paas-braunbehrens_A7R2134-LowRes-1536x1025.jpg\" title='J\u00fcrgen Paas, Colour Machine, Ausstellungsansicht, Raum 1, \u00a9 Peter Jagusch' alt='' srcset=\"https:\/\/www.galerie-braunbehrens.de\/wp-content\/uploads\/2024\/10\/paas-braunbehrens_A7R2134-LowRes-1536x1025.jpg 1536w, https:\/\/www.galerie-braunbehrens.de\/wp-content\/uploads\/2024\/10\/paas-braunbehrens_A7R2134-LowRes-300x200.jpg 300w, https:\/\/www.galerie-braunbehrens.de\/wp-content\/uploads\/2024\/10\/paas-braunbehrens_A7R2134-LowRes-1030x687.jpg 1030w, https:\/\/www.galerie-braunbehrens.de\/wp-content\/uploads\/2024\/10\/paas-braunbehrens_A7R2134-LowRes-768x512.jpg 768w, https:\/\/www.galerie-braunbehrens.de\/wp-content\/uploads\/2024\/10\/paas-braunbehrens_A7R2134-LowRes-2048x1366.jpg 2048w, https:\/\/www.galerie-braunbehrens.de\/wp-content\/uploads\/2024\/10\/paas-braunbehrens_A7R2134-LowRes-1500x1001.jpg 1500w, https:\/\/www.galerie-braunbehrens.de\/wp-content\/uploads\/2024\/10\/paas-braunbehrens_A7R2134-LowRes-705x470.jpg 705w\" sizes=\"(max-width: 1536px) 100vw, 1536px\" \/><a href=\"https:\/\/www.galerie-braunbehrens.de\/wp-content\/uploads\/2024\/10\/paas-braunbehrens_A7R2134-LowRes-1030x687.jpg\" data-srcset=\"https:\/\/www.galerie-braunbehrens.de\/wp-content\/uploads\/2024\/10\/paas-braunbehrens_A7R2134-LowRes-1030x687.jpg 1030w, https:\/\/www.galerie-braunbehrens.de\/wp-content\/uploads\/2024\/10\/paas-braunbehrens_A7R2134-LowRes-300x200.jpg 300w, https:\/\/www.galerie-braunbehrens.de\/wp-content\/uploads\/2024\/10\/paas-braunbehrens_A7R2134-LowRes-768x512.jpg 768w, https:\/\/www.galerie-braunbehrens.de\/wp-content\/uploads\/2024\/10\/paas-braunbehrens_A7R2134-LowRes-1536x1025.jpg 1536w, https:\/\/www.galerie-braunbehrens.de\/wp-content\/uploads\/2024\/10\/paas-braunbehrens_A7R2134-LowRes-2048x1366.jpg 2048w, https:\/\/www.galerie-braunbehrens.de\/wp-content\/uploads\/2024\/10\/paas-braunbehrens_A7R2134-LowRes-1500x1001.jpg 1500w, https:\/\/www.galerie-braunbehrens.de\/wp-content\/uploads\/2024\/10\/paas-braunbehrens_A7R2134-LowRes-705x470.jpg 705w\" data-sizes=\"(max-width: 1030px) 100vw, 1030px\" class='av-horizontal-gallery-link' aria-hidden='true' data-av_icon='\ue869' data-av_iconfont='entypo-fontello' title='J\u00fcrgen Paas, Colour Machine, Ausstellungsansicht, Raum 1, \u00a9 Peter Jagusch' alt=''><\/a><\/div><div class='av-horizontal-gallery-wrap noHover'><img decoding=\"async\" class='wp-image-23345 avia-img-lazy-loading-not-23345 av-horizontal-gallery-img' width=\"1536\" height=\"1025\" src=\"https:\/\/www.galerie-braunbehrens.de\/wp-content\/uploads\/2023\/01\/paas-braunbehrens_A7R2106-LowRes-1536x1025.jpg\" title='J\u00fcrgen Paas, TARGET\/ Wall- Ensemble, PVC- Farbb\u00e4nder, Aluwellen ; 2018\/ 2022,' alt='' srcset=\"https:\/\/www.galerie-braunbehrens.de\/wp-content\/uploads\/2023\/01\/paas-braunbehrens_A7R2106-LowRes-1536x1025.jpg 1536w, https:\/\/www.galerie-braunbehrens.de\/wp-content\/uploads\/2023\/01\/paas-braunbehrens_A7R2106-LowRes-300x200.jpg 300w, https:\/\/www.galerie-braunbehrens.de\/wp-content\/uploads\/2023\/01\/paas-braunbehrens_A7R2106-LowRes-1030x687.jpg 1030w, https:\/\/www.galerie-braunbehrens.de\/wp-content\/uploads\/2023\/01\/paas-braunbehrens_A7R2106-LowRes-768x512.jpg 768w, https:\/\/www.galerie-braunbehrens.de\/wp-content\/uploads\/2023\/01\/paas-braunbehrens_A7R2106-LowRes-2048x1366.jpg 2048w, https:\/\/www.galerie-braunbehrens.de\/wp-content\/uploads\/2023\/01\/paas-braunbehrens_A7R2106-LowRes-1500x1001.jpg 1500w, https:\/\/www.galerie-braunbehrens.de\/wp-content\/uploads\/2023\/01\/paas-braunbehrens_A7R2106-LowRes-705x470.jpg 705w\" sizes=\"(max-width: 1536px) 100vw, 1536px\" \/><a href=\"https:\/\/www.galerie-braunbehrens.de\/wp-content\/uploads\/2023\/01\/paas-braunbehrens_A7R2106-LowRes-1030x687.jpg\" data-srcset=\"https:\/\/www.galerie-braunbehrens.de\/wp-content\/uploads\/2023\/01\/paas-braunbehrens_A7R2106-LowRes-1030x687.jpg 1030w, https:\/\/www.galerie-braunbehrens.de\/wp-content\/uploads\/2023\/01\/paas-braunbehrens_A7R2106-LowRes-300x200.jpg 300w, https:\/\/www.galerie-braunbehrens.de\/wp-content\/uploads\/2023\/01\/paas-braunbehrens_A7R2106-LowRes-768x512.jpg 768w, https:\/\/www.galerie-braunbehrens.de\/wp-content\/uploads\/2023\/01\/paas-braunbehrens_A7R2106-LowRes-1536x1025.jpg 1536w, https:\/\/www.galerie-braunbehrens.de\/wp-content\/uploads\/2023\/01\/paas-braunbehrens_A7R2106-LowRes-2048x1366.jpg 2048w, https:\/\/www.galerie-braunbehrens.de\/wp-content\/uploads\/2023\/01\/paas-braunbehrens_A7R2106-LowRes-1500x1001.jpg 1500w, https:\/\/www.galerie-braunbehrens.de\/wp-content\/uploads\/2023\/01\/paas-braunbehrens_A7R2106-LowRes-705x470.jpg 705w\" data-sizes=\"(max-width: 1030px) 100vw, 1030px\" class='av-horizontal-gallery-link' aria-hidden='true' data-av_icon='\ue869' data-av_iconfont='entypo-fontello' title='J\u00fcrgen Paas, TARGET\/ Wall- Ensemble, PVC- Farbb\u00e4nder, Aluwellen ; 2018\/ 2022,' alt=''><\/a><\/div><div class='av-horizontal-gallery-wrap noHover'><img decoding=\"async\" class='wp-image-23403 avia-img-lazy-loading-not-23403 av-horizontal-gallery-img' width=\"1025\" height=\"1536\" src=\"https:\/\/www.galerie-braunbehrens.de\/wp-content\/uploads\/2024\/08\/paas-braunbehrens_A7R2202-LowRes-1025x1536.jpg\" title='J\u00fcrgen Paas, TARGET\/ Wall- Ensemble, PVC- Farbb\u00e4nder, Aluwellen ; 2018\/ 2022, \u00a9 Peter Jagusch' alt='' srcset=\"https:\/\/www.galerie-braunbehrens.de\/wp-content\/uploads\/2024\/08\/paas-braunbehrens_A7R2202-LowRes-1025x1536.jpg 1025w, https:\/\/www.galerie-braunbehrens.de\/wp-content\/uploads\/2024\/08\/paas-braunbehrens_A7R2202-LowRes-200x300.jpg 200w, https:\/\/www.galerie-braunbehrens.de\/wp-content\/uploads\/2024\/08\/paas-braunbehrens_A7R2202-LowRes-687x1030.jpg 687w, https:\/\/www.galerie-braunbehrens.de\/wp-content\/uploads\/2024\/08\/paas-braunbehrens_A7R2202-LowRes-768x1151.jpg 768w, https:\/\/www.galerie-braunbehrens.de\/wp-content\/uploads\/2024\/08\/paas-braunbehrens_A7R2202-LowRes-1366x2048.jpg 1366w, https:\/\/www.galerie-braunbehrens.de\/wp-content\/uploads\/2024\/08\/paas-braunbehrens_A7R2202-LowRes-1001x1500.jpg 1001w, https:\/\/www.galerie-braunbehrens.de\/wp-content\/uploads\/2024\/08\/paas-braunbehrens_A7R2202-LowRes-470x705.jpg 470w, https:\/\/www.galerie-braunbehrens.de\/wp-content\/uploads\/2024\/08\/paas-braunbehrens_A7R2202-LowRes-scaled.jpg 1708w\" sizes=\"(max-width: 1025px) 100vw, 1025px\" \/><a href=\"https:\/\/www.galerie-braunbehrens.de\/wp-content\/uploads\/2024\/08\/paas-braunbehrens_A7R2202-LowRes-687x1030.jpg\" data-srcset=\"https:\/\/www.galerie-braunbehrens.de\/wp-content\/uploads\/2024\/08\/paas-braunbehrens_A7R2202-LowRes-687x1030.jpg 687w, https:\/\/www.galerie-braunbehrens.de\/wp-content\/uploads\/2024\/08\/paas-braunbehrens_A7R2202-LowRes-200x300.jpg 200w, https:\/\/www.galerie-braunbehrens.de\/wp-content\/uploads\/2024\/08\/paas-braunbehrens_A7R2202-LowRes-768x1151.jpg 768w, https:\/\/www.galerie-braunbehrens.de\/wp-content\/uploads\/2024\/08\/paas-braunbehrens_A7R2202-LowRes-1025x1536.jpg 1025w, https:\/\/www.galerie-braunbehrens.de\/wp-content\/uploads\/2024\/08\/paas-braunbehrens_A7R2202-LowRes-1366x2048.jpg 1366w, https:\/\/www.galerie-braunbehrens.de\/wp-content\/uploads\/2024\/08\/paas-braunbehrens_A7R2202-LowRes-1001x1500.jpg 1001w, https:\/\/www.galerie-braunbehrens.de\/wp-content\/uploads\/2024\/08\/paas-braunbehrens_A7R2202-LowRes-470x705.jpg 470w, https:\/\/www.galerie-braunbehrens.de\/wp-content\/uploads\/2024\/08\/paas-braunbehrens_A7R2202-LowRes-scaled.jpg 1708w\" data-sizes=\"(max-width: 687px) 100vw, 687px\" class='av-horizontal-gallery-link' aria-hidden='true' data-av_icon='\ue869' data-av_iconfont='entypo-fontello' title='J\u00fcrgen Paas, TARGET\/ Wall- Ensemble, PVC- Farbb\u00e4nder, Aluwellen ; 2018\/ 2022, \u00a9 Peter Jagusch' alt=''><\/a><\/div><div class='av-horizontal-gallery-wrap noHover'><img decoding=\"async\" class='wp-image-23397 avia-img-lazy-loading-not-23397 av-horizontal-gallery-img' width=\"1536\" height=\"1025\" src=\"https:\/\/www.galerie-braunbehrens.de\/wp-content\/uploads\/2024\/08\/paas-braunbehrens_A7R2163-LowRes-1536x1025.jpg\" title='J\u00fcrgen Paas, Colour maschine, Raumansicht Raum 2, \u00a9 Peter Jagusch' alt='' srcset=\"https:\/\/www.galerie-braunbehrens.de\/wp-content\/uploads\/2024\/08\/paas-braunbehrens_A7R2163-LowRes-1536x1025.jpg 1536w, https:\/\/www.galerie-braunbehrens.de\/wp-content\/uploads\/2024\/08\/paas-braunbehrens_A7R2163-LowRes-300x200.jpg 300w, https:\/\/www.galerie-braunbehrens.de\/wp-content\/uploads\/2024\/08\/paas-braunbehrens_A7R2163-LowRes-1030x687.jpg 1030w, https:\/\/www.galerie-braunbehrens.de\/wp-content\/uploads\/2024\/08\/paas-braunbehrens_A7R2163-LowRes-768x512.jpg 768w, https:\/\/www.galerie-braunbehrens.de\/wp-content\/uploads\/2024\/08\/paas-braunbehrens_A7R2163-LowRes-2048x1366.jpg 2048w, https:\/\/www.galerie-braunbehrens.de\/wp-content\/uploads\/2024\/08\/paas-braunbehrens_A7R2163-LowRes-1500x1001.jpg 1500w, https:\/\/www.galerie-braunbehrens.de\/wp-content\/uploads\/2024\/08\/paas-braunbehrens_A7R2163-LowRes-705x470.jpg 705w\" sizes=\"(max-width: 1536px) 100vw, 1536px\" \/><a href=\"https:\/\/www.galerie-braunbehrens.de\/wp-content\/uploads\/2024\/08\/paas-braunbehrens_A7R2163-LowRes-1030x687.jpg\" data-srcset=\"https:\/\/www.galerie-braunbehrens.de\/wp-content\/uploads\/2024\/08\/paas-braunbehrens_A7R2163-LowRes-1030x687.jpg 1030w, https:\/\/www.galerie-braunbehrens.de\/wp-content\/uploads\/2024\/08\/paas-braunbehrens_A7R2163-LowRes-300x200.jpg 300w, https:\/\/www.galerie-braunbehrens.de\/wp-content\/uploads\/2024\/08\/paas-braunbehrens_A7R2163-LowRes-768x512.jpg 768w, https:\/\/www.galerie-braunbehrens.de\/wp-content\/uploads\/2024\/08\/paas-braunbehrens_A7R2163-LowRes-1536x1025.jpg 1536w, https:\/\/www.galerie-braunbehrens.de\/wp-content\/uploads\/2024\/08\/paas-braunbehrens_A7R2163-LowRes-2048x1366.jpg 2048w, https:\/\/www.galerie-braunbehrens.de\/wp-content\/uploads\/2024\/08\/paas-braunbehrens_A7R2163-LowRes-1500x1001.jpg 1500w, https:\/\/www.galerie-braunbehrens.de\/wp-content\/uploads\/2024\/08\/paas-braunbehrens_A7R2163-LowRes-705x470.jpg 705w\" data-sizes=\"(max-width: 1030px) 100vw, 1030px\" class='av-horizontal-gallery-link' aria-hidden='true' data-av_icon='\ue869' data-av_iconfont='entypo-fontello' title='J\u00fcrgen Paas, Colour maschine, Raumansicht Raum 2, \u00a9 Peter Jagusch' alt=''><\/a><\/div><div class='av-horizontal-gallery-wrap noHover'><img decoding=\"async\" class='wp-image-23377 avia-img-lazy-loading-not-23377 av-horizontal-gallery-img' width=\"1536\" height=\"1025\" src=\"https:\/\/www.galerie-braunbehrens.de\/wp-content\/uploads\/2024\/08\/paas-braunbehrens_A7R2095-LowRes-1536x1025.jpg\" title='J\u00fcrgen Paas ,JUKEBOX 275 BLAU , 332 ROT, 272 GELB, PVC, Multiplex; 2023  118 x 118 x 8 cm, \u00a9 Peter Jagusch' alt='' srcset=\"https:\/\/www.galerie-braunbehrens.de\/wp-content\/uploads\/2024\/08\/paas-braunbehrens_A7R2095-LowRes-1536x1025.jpg 1536w, https:\/\/www.galerie-braunbehrens.de\/wp-content\/uploads\/2024\/08\/paas-braunbehrens_A7R2095-LowRes-300x200.jpg 300w, https:\/\/www.galerie-braunbehrens.de\/wp-content\/uploads\/2024\/08\/paas-braunbehrens_A7R2095-LowRes-1030x687.jpg 1030w, https:\/\/www.galerie-braunbehrens.de\/wp-content\/uploads\/2024\/08\/paas-braunbehrens_A7R2095-LowRes-768x512.jpg 768w, https:\/\/www.galerie-braunbehrens.de\/wp-content\/uploads\/2024\/08\/paas-braunbehrens_A7R2095-LowRes-2048x1366.jpg 2048w, https:\/\/www.galerie-braunbehrens.de\/wp-content\/uploads\/2024\/08\/paas-braunbehrens_A7R2095-LowRes-1500x1001.jpg 1500w, https:\/\/www.galerie-braunbehrens.de\/wp-content\/uploads\/2024\/08\/paas-braunbehrens_A7R2095-LowRes-705x470.jpg 705w\" sizes=\"(max-width: 1536px) 100vw, 1536px\" \/><a href=\"https:\/\/www.galerie-braunbehrens.de\/wp-content\/uploads\/2024\/08\/paas-braunbehrens_A7R2095-LowRes-1030x687.jpg\" data-srcset=\"https:\/\/www.galerie-braunbehrens.de\/wp-content\/uploads\/2024\/08\/paas-braunbehrens_A7R2095-LowRes-1030x687.jpg 1030w, https:\/\/www.galerie-braunbehrens.de\/wp-content\/uploads\/2024\/08\/paas-braunbehrens_A7R2095-LowRes-300x200.jpg 300w, https:\/\/www.galerie-braunbehrens.de\/wp-content\/uploads\/2024\/08\/paas-braunbehrens_A7R2095-LowRes-768x512.jpg 768w, https:\/\/www.galerie-braunbehrens.de\/wp-content\/uploads\/2024\/08\/paas-braunbehrens_A7R2095-LowRes-1536x1025.jpg 1536w, https:\/\/www.galerie-braunbehrens.de\/wp-content\/uploads\/2024\/08\/paas-braunbehrens_A7R2095-LowRes-2048x1366.jpg 2048w, https:\/\/www.galerie-braunbehrens.de\/wp-content\/uploads\/2024\/08\/paas-braunbehrens_A7R2095-LowRes-1500x1001.jpg 1500w, https:\/\/www.galerie-braunbehrens.de\/wp-content\/uploads\/2024\/08\/paas-braunbehrens_A7R2095-LowRes-705x470.jpg 705w\" data-sizes=\"(max-width: 1030px) 100vw, 1030px\" class='av-horizontal-gallery-link' aria-hidden='true' data-av_icon='\ue869' data-av_iconfont='entypo-fontello' title='J\u00fcrgen Paas ,JUKEBOX 275 BLAU , 332 ROT, 272 GELB, PVC, Multiplex; 2023  118 x 118 x 8 cm, \u00a9 Peter Jagusch' alt=''><\/a><\/div><div class='av-horizontal-gallery-wrap noHover'><img decoding=\"async\" class='wp-image-23385 avia-img-lazy-loading-not-23385 av-horizontal-gallery-img' width=\"1025\" height=\"1536\" src=\"https:\/\/www.galerie-braunbehrens.de\/wp-content\/uploads\/2024\/08\/paas-braunbehrens_A7R2125-LowRes-1025x1536.jpg\" title='TARGET\/Wall J\u00fcrgen Paas PVC-Farbb\u00e4nder, Aluwelle; 2023, \u00d8 = 110 cm \u00a9 Peter Jagusch' alt='' srcset=\"https:\/\/www.galerie-braunbehrens.de\/wp-content\/uploads\/2024\/08\/paas-braunbehrens_A7R2125-LowRes-1025x1536.jpg 1025w, https:\/\/www.galerie-braunbehrens.de\/wp-content\/uploads\/2024\/08\/paas-braunbehrens_A7R2125-LowRes-200x300.jpg 200w, https:\/\/www.galerie-braunbehrens.de\/wp-content\/uploads\/2024\/08\/paas-braunbehrens_A7R2125-LowRes-687x1030.jpg 687w, https:\/\/www.galerie-braunbehrens.de\/wp-content\/uploads\/2024\/08\/paas-braunbehrens_A7R2125-LowRes-768x1151.jpg 768w, https:\/\/www.galerie-braunbehrens.de\/wp-content\/uploads\/2024\/08\/paas-braunbehrens_A7R2125-LowRes-1366x2048.jpg 1366w, https:\/\/www.galerie-braunbehrens.de\/wp-content\/uploads\/2024\/08\/paas-braunbehrens_A7R2125-LowRes-1001x1500.jpg 1001w, https:\/\/www.galerie-braunbehrens.de\/wp-content\/uploads\/2024\/08\/paas-braunbehrens_A7R2125-LowRes-470x705.jpg 470w, https:\/\/www.galerie-braunbehrens.de\/wp-content\/uploads\/2024\/08\/paas-braunbehrens_A7R2125-LowRes-scaled.jpg 1708w\" sizes=\"(max-width: 1025px) 100vw, 1025px\" \/><a href=\"https:\/\/www.galerie-braunbehrens.de\/wp-content\/uploads\/2024\/08\/paas-braunbehrens_A7R2125-LowRes-687x1030.jpg\" data-srcset=\"https:\/\/www.galerie-braunbehrens.de\/wp-content\/uploads\/2024\/08\/paas-braunbehrens_A7R2125-LowRes-687x1030.jpg 687w, https:\/\/www.galerie-braunbehrens.de\/wp-content\/uploads\/2024\/08\/paas-braunbehrens_A7R2125-LowRes-200x300.jpg 200w, https:\/\/www.galerie-braunbehrens.de\/wp-content\/uploads\/2024\/08\/paas-braunbehrens_A7R2125-LowRes-768x1151.jpg 768w, https:\/\/www.galerie-braunbehrens.de\/wp-content\/uploads\/2024\/08\/paas-braunbehrens_A7R2125-LowRes-1025x1536.jpg 1025w, https:\/\/www.galerie-braunbehrens.de\/wp-content\/uploads\/2024\/08\/paas-braunbehrens_A7R2125-LowRes-1366x2048.jpg 1366w, https:\/\/www.galerie-braunbehrens.de\/wp-content\/uploads\/2024\/08\/paas-braunbehrens_A7R2125-LowRes-1001x1500.jpg 1001w, https:\/\/www.galerie-braunbehrens.de\/wp-content\/uploads\/2024\/08\/paas-braunbehrens_A7R2125-LowRes-470x705.jpg 470w, https:\/\/www.galerie-braunbehrens.de\/wp-content\/uploads\/2024\/08\/paas-braunbehrens_A7R2125-LowRes-scaled.jpg 1708w\" data-sizes=\"(max-width: 687px) 100vw, 687px\" class='av-horizontal-gallery-link' aria-hidden='true' data-av_icon='\ue869' data-av_iconfont='entypo-fontello' title='TARGET\/Wall J\u00fcrgen Paas PVC-Farbb\u00e4nder, Aluwelle; 2023, \u00d8 = 110 cm \u00a9 Peter Jagusch' alt=''><\/a><\/div><div class='av-horizontal-gallery-wrap noHover'><img decoding=\"async\" class='wp-image-23349 avia-img-lazy-loading-not-23349 av-horizontal-gallery-img' width=\"1025\" height=\"1536\" src=\"https:\/\/www.galerie-braunbehrens.de\/wp-content\/uploads\/2023\/01\/paas-braunbehrens_A7R2174-LowRes-1025x1536.jpg\" title='J\u00fcrgen Paas, KINO\/POPPLANET, Lack auf MDF, PVC-Fabb\u00e4nder, Aluwellen; 2024, Installation: 250 x 250 x 22cm \u00a9 Peter Jagusch' alt='' srcset=\"https:\/\/www.galerie-braunbehrens.de\/wp-content\/uploads\/2023\/01\/paas-braunbehrens_A7R2174-LowRes-1025x1536.jpg 1025w, https:\/\/www.galerie-braunbehrens.de\/wp-content\/uploads\/2023\/01\/paas-braunbehrens_A7R2174-LowRes-200x300.jpg 200w, https:\/\/www.galerie-braunbehrens.de\/wp-content\/uploads\/2023\/01\/paas-braunbehrens_A7R2174-LowRes-687x1030.jpg 687w, https:\/\/www.galerie-braunbehrens.de\/wp-content\/uploads\/2023\/01\/paas-braunbehrens_A7R2174-LowRes-768x1151.jpg 768w, https:\/\/www.galerie-braunbehrens.de\/wp-content\/uploads\/2023\/01\/paas-braunbehrens_A7R2174-LowRes-1366x2048.jpg 1366w, https:\/\/www.galerie-braunbehrens.de\/wp-content\/uploads\/2023\/01\/paas-braunbehrens_A7R2174-LowRes-1001x1500.jpg 1001w, https:\/\/www.galerie-braunbehrens.de\/wp-content\/uploads\/2023\/01\/paas-braunbehrens_A7R2174-LowRes-470x705.jpg 470w, https:\/\/www.galerie-braunbehrens.de\/wp-content\/uploads\/2023\/01\/paas-braunbehrens_A7R2174-LowRes-scaled.jpg 1708w\" sizes=\"(max-width: 1025px) 100vw, 1025px\" \/><a href=\"https:\/\/www.galerie-braunbehrens.de\/wp-content\/uploads\/2023\/01\/paas-braunbehrens_A7R2174-LowRes-687x1030.jpg\" data-srcset=\"https:\/\/www.galerie-braunbehrens.de\/wp-content\/uploads\/2023\/01\/paas-braunbehrens_A7R2174-LowRes-687x1030.jpg 687w, https:\/\/www.galerie-braunbehrens.de\/wp-content\/uploads\/2023\/01\/paas-braunbehrens_A7R2174-LowRes-200x300.jpg 200w, https:\/\/www.galerie-braunbehrens.de\/wp-content\/uploads\/2023\/01\/paas-braunbehrens_A7R2174-LowRes-768x1151.jpg 768w, https:\/\/www.galerie-braunbehrens.de\/wp-content\/uploads\/2023\/01\/paas-braunbehrens_A7R2174-LowRes-1025x1536.jpg 1025w, https:\/\/www.galerie-braunbehrens.de\/wp-content\/uploads\/2023\/01\/paas-braunbehrens_A7R2174-LowRes-1366x2048.jpg 1366w, https:\/\/www.galerie-braunbehrens.de\/wp-content\/uploads\/2023\/01\/paas-braunbehrens_A7R2174-LowRes-1001x1500.jpg 1001w, https:\/\/www.galerie-braunbehrens.de\/wp-content\/uploads\/2023\/01\/paas-braunbehrens_A7R2174-LowRes-470x705.jpg 470w, https:\/\/www.galerie-braunbehrens.de\/wp-content\/uploads\/2023\/01\/paas-braunbehrens_A7R2174-LowRes-scaled.jpg 1708w\" data-sizes=\"(max-width: 687px) 100vw, 687px\" class='av-horizontal-gallery-link' aria-hidden='true' data-av_icon='\ue869' data-av_iconfont='entypo-fontello' title='J\u00fcrgen Paas, KINO\/POPPLANET, Lack auf MDF, PVC-Fabb\u00e4nder, Aluwellen; 2024, Installation: 250 x 250 x 22cm \u00a9 Peter Jagusch' alt=''><\/a><\/div><div class='av-horizontal-gallery-wrap noHover'><img decoding=\"async\" class='wp-image-23381 avia-img-lazy-loading-not-23381 av-horizontal-gallery-img' width=\"1536\" height=\"1025\" src=\"https:\/\/www.galerie-braunbehrens.de\/wp-content\/uploads\/2024\/08\/paas-braunbehrens_A7R2113-LowRes-1536x1025.jpg\" title='J\u00fcrgen Paas, Jukebox \/ Wandinstallation(Rechtecke) JUKEBOX (rot) 245, 230 (k\u00f6nigsblau), 323 (neon gelb), JUKEBOX 124 (petrol), 201 (cr\u00e9mewei\u00df), 202 (orange), 246 (schwarz-gl\u00e4nzend) 2022 - 2024 41 x 41 x 80 cm - 90 x 90 x 8 cm  \u00a9 Peter Jagusch' alt='' srcset=\"https:\/\/www.galerie-braunbehrens.de\/wp-content\/uploads\/2024\/08\/paas-braunbehrens_A7R2113-LowRes-1536x1025.jpg 1536w, https:\/\/www.galerie-braunbehrens.de\/wp-content\/uploads\/2024\/08\/paas-braunbehrens_A7R2113-LowRes-300x200.jpg 300w, https:\/\/www.galerie-braunbehrens.de\/wp-content\/uploads\/2024\/08\/paas-braunbehrens_A7R2113-LowRes-1030x687.jpg 1030w, https:\/\/www.galerie-braunbehrens.de\/wp-content\/uploads\/2024\/08\/paas-braunbehrens_A7R2113-LowRes-768x512.jpg 768w, https:\/\/www.galerie-braunbehrens.de\/wp-content\/uploads\/2024\/08\/paas-braunbehrens_A7R2113-LowRes-2048x1366.jpg 2048w, https:\/\/www.galerie-braunbehrens.de\/wp-content\/uploads\/2024\/08\/paas-braunbehrens_A7R2113-LowRes-1500x1001.jpg 1500w, https:\/\/www.galerie-braunbehrens.de\/wp-content\/uploads\/2024\/08\/paas-braunbehrens_A7R2113-LowRes-705x470.jpg 705w\" sizes=\"(max-width: 1536px) 100vw, 1536px\" \/><a href=\"https:\/\/www.galerie-braunbehrens.de\/wp-content\/uploads\/2024\/08\/paas-braunbehrens_A7R2113-LowRes-1030x687.jpg\" data-srcset=\"https:\/\/www.galerie-braunbehrens.de\/wp-content\/uploads\/2024\/08\/paas-braunbehrens_A7R2113-LowRes-1030x687.jpg 1030w, https:\/\/www.galerie-braunbehrens.de\/wp-content\/uploads\/2024\/08\/paas-braunbehrens_A7R2113-LowRes-300x200.jpg 300w, https:\/\/www.galerie-braunbehrens.de\/wp-content\/uploads\/2024\/08\/paas-braunbehrens_A7R2113-LowRes-768x512.jpg 768w, https:\/\/www.galerie-braunbehrens.de\/wp-content\/uploads\/2024\/08\/paas-braunbehrens_A7R2113-LowRes-1536x1025.jpg 1536w, https:\/\/www.galerie-braunbehrens.de\/wp-content\/uploads\/2024\/08\/paas-braunbehrens_A7R2113-LowRes-2048x1366.jpg 2048w, https:\/\/www.galerie-braunbehrens.de\/wp-content\/uploads\/2024\/08\/paas-braunbehrens_A7R2113-LowRes-1500x1001.jpg 1500w, https:\/\/www.galerie-braunbehrens.de\/wp-content\/uploads\/2024\/08\/paas-braunbehrens_A7R2113-LowRes-705x470.jpg 705w\" data-sizes=\"(max-width: 1030px) 100vw, 1030px\" class='av-horizontal-gallery-link' aria-hidden='true' data-av_icon='\ue869' data-av_iconfont='entypo-fontello' title='J\u00fcrgen Paas, Jukebox \/ Wandinstallation(Rechtecke) JUKEBOX (rot) 245, 230 (k\u00f6nigsblau), 323 (neon gelb), JUKEBOX 124 (petrol), 201 (cr\u00e9mewei\u00df), 202 (orange), 246 (schwarz-gl\u00e4nzend) 2022 - 2024 41 x 41 x 80 cm - 90 x 90 x 8 cm  \u00a9 Peter Jagusch' alt=''><\/a><\/div><div class='av-horizontal-gallery-wrap noHover'><img decoding=\"async\" class='wp-image-23383 avia-img-lazy-loading-not-23383 av-horizontal-gallery-img' width=\"1536\" height=\"1025\" src=\"https:\/\/www.galerie-braunbehrens.de\/wp-content\/uploads\/2024\/08\/paas-braunbehrens_A7R2116-LowRes-1536x1025.jpg\" title='J\u00fcrgen Paas, Jukebox \/ Wandinstallation(Rechtecke) JUKEBOX (rot) 245, 230 (k\u00f6nigsblau), 323 (neon gelb), JUKEBOX 124 (petrol), 201 (cr\u00e9mewei\u00df), 202 (orange), 246 (schwarz-gl\u00e4nzend) 2022 - 2024 41 x 41 x 80 cm - 90 x 90 x 8 cm \u00a9 Peter Jagusch' alt='' srcset=\"https:\/\/www.galerie-braunbehrens.de\/wp-content\/uploads\/2024\/08\/paas-braunbehrens_A7R2116-LowRes-1536x1025.jpg 1536w, https:\/\/www.galerie-braunbehrens.de\/wp-content\/uploads\/2024\/08\/paas-braunbehrens_A7R2116-LowRes-300x200.jpg 300w, https:\/\/www.galerie-braunbehrens.de\/wp-content\/uploads\/2024\/08\/paas-braunbehrens_A7R2116-LowRes-1030x687.jpg 1030w, https:\/\/www.galerie-braunbehrens.de\/wp-content\/uploads\/2024\/08\/paas-braunbehrens_A7R2116-LowRes-768x512.jpg 768w, https:\/\/www.galerie-braunbehrens.de\/wp-content\/uploads\/2024\/08\/paas-braunbehrens_A7R2116-LowRes-2048x1366.jpg 2048w, https:\/\/www.galerie-braunbehrens.de\/wp-content\/uploads\/2024\/08\/paas-braunbehrens_A7R2116-LowRes-1500x1001.jpg 1500w, https:\/\/www.galerie-braunbehrens.de\/wp-content\/uploads\/2024\/08\/paas-braunbehrens_A7R2116-LowRes-705x470.jpg 705w\" sizes=\"(max-width: 1536px) 100vw, 1536px\" \/><a href=\"https:\/\/www.galerie-braunbehrens.de\/wp-content\/uploads\/2024\/08\/paas-braunbehrens_A7R2116-LowRes-1030x687.jpg\" data-srcset=\"https:\/\/www.galerie-braunbehrens.de\/wp-content\/uploads\/2024\/08\/paas-braunbehrens_A7R2116-LowRes-1030x687.jpg 1030w, https:\/\/www.galerie-braunbehrens.de\/wp-content\/uploads\/2024\/08\/paas-braunbehrens_A7R2116-LowRes-300x200.jpg 300w, https:\/\/www.galerie-braunbehrens.de\/wp-content\/uploads\/2024\/08\/paas-braunbehrens_A7R2116-LowRes-768x512.jpg 768w, https:\/\/www.galerie-braunbehrens.de\/wp-content\/uploads\/2024\/08\/paas-braunbehrens_A7R2116-LowRes-1536x1025.jpg 1536w, https:\/\/www.galerie-braunbehrens.de\/wp-content\/uploads\/2024\/08\/paas-braunbehrens_A7R2116-LowRes-2048x1366.jpg 2048w, https:\/\/www.galerie-braunbehrens.de\/wp-content\/uploads\/2024\/08\/paas-braunbehrens_A7R2116-LowRes-1500x1001.jpg 1500w, https:\/\/www.galerie-braunbehrens.de\/wp-content\/uploads\/2024\/08\/paas-braunbehrens_A7R2116-LowRes-705x470.jpg 705w\" data-sizes=\"(max-width: 1030px) 100vw, 1030px\" class='av-horizontal-gallery-link' aria-hidden='true' data-av_icon='\ue869' data-av_iconfont='entypo-fontello' title='J\u00fcrgen Paas, Jukebox \/ Wandinstallation(Rechtecke) JUKEBOX (rot) 245, 230 (k\u00f6nigsblau), 323 (neon gelb), JUKEBOX 124 (petrol), 201 (cr\u00e9mewei\u00df), 202 (orange), 246 (schwarz-gl\u00e4nzend) 2022 - 2024 41 x 41 x 80 cm - 90 x 90 x 8 cm \u00a9 Peter Jagusch' alt=''><\/a><\/div><div class='av-horizontal-gallery-wrap noHover'><img decoding=\"async\" class='wp-image-23389 avia-img-lazy-loading-not-23389 av-horizontal-gallery-img' width=\"1025\" height=\"1536\" src=\"https:\/\/www.galerie-braunbehrens.de\/wp-content\/uploads\/2024\/08\/paas-braunbehrens_A7R2139-LowRes-1025x1536.jpg\" title='J\u00fcrgen Paas, UKEBOX 270 &amp; 271, PVC, Multiplex; 2023,70 x 118 x 8 cm \u00a9 Peter Jagusch' alt='' srcset=\"https:\/\/www.galerie-braunbehrens.de\/wp-content\/uploads\/2024\/08\/paas-braunbehrens_A7R2139-LowRes-1025x1536.jpg 1025w, https:\/\/www.galerie-braunbehrens.de\/wp-content\/uploads\/2024\/08\/paas-braunbehrens_A7R2139-LowRes-200x300.jpg 200w, https:\/\/www.galerie-braunbehrens.de\/wp-content\/uploads\/2024\/08\/paas-braunbehrens_A7R2139-LowRes-687x1030.jpg 687w, https:\/\/www.galerie-braunbehrens.de\/wp-content\/uploads\/2024\/08\/paas-braunbehrens_A7R2139-LowRes-768x1151.jpg 768w, https:\/\/www.galerie-braunbehrens.de\/wp-content\/uploads\/2024\/08\/paas-braunbehrens_A7R2139-LowRes-1366x2048.jpg 1366w, https:\/\/www.galerie-braunbehrens.de\/wp-content\/uploads\/2024\/08\/paas-braunbehrens_A7R2139-LowRes-1001x1500.jpg 1001w, https:\/\/www.galerie-braunbehrens.de\/wp-content\/uploads\/2024\/08\/paas-braunbehrens_A7R2139-LowRes-470x705.jpg 470w, https:\/\/www.galerie-braunbehrens.de\/wp-content\/uploads\/2024\/08\/paas-braunbehrens_A7R2139-LowRes-scaled.jpg 1708w\" sizes=\"(max-width: 1025px) 100vw, 1025px\" \/><a href=\"https:\/\/www.galerie-braunbehrens.de\/wp-content\/uploads\/2024\/08\/paas-braunbehrens_A7R2139-LowRes-687x1030.jpg\" data-srcset=\"https:\/\/www.galerie-braunbehrens.de\/wp-content\/uploads\/2024\/08\/paas-braunbehrens_A7R2139-LowRes-687x1030.jpg 687w, https:\/\/www.galerie-braunbehrens.de\/wp-content\/uploads\/2024\/08\/paas-braunbehrens_A7R2139-LowRes-200x300.jpg 200w, https:\/\/www.galerie-braunbehrens.de\/wp-content\/uploads\/2024\/08\/paas-braunbehrens_A7R2139-LowRes-768x1151.jpg 768w, https:\/\/www.galerie-braunbehrens.de\/wp-content\/uploads\/2024\/08\/paas-braunbehrens_A7R2139-LowRes-1025x1536.jpg 1025w, https:\/\/www.galerie-braunbehrens.de\/wp-content\/uploads\/2024\/08\/paas-braunbehrens_A7R2139-LowRes-1366x2048.jpg 1366w, https:\/\/www.galerie-braunbehrens.de\/wp-content\/uploads\/2024\/08\/paas-braunbehrens_A7R2139-LowRes-1001x1500.jpg 1001w, https:\/\/www.galerie-braunbehrens.de\/wp-content\/uploads\/2024\/08\/paas-braunbehrens_A7R2139-LowRes-470x705.jpg 470w, https:\/\/www.galerie-braunbehrens.de\/wp-content\/uploads\/2024\/08\/paas-braunbehrens_A7R2139-LowRes-scaled.jpg 1708w\" data-sizes=\"(max-width: 687px) 100vw, 687px\" class='av-horizontal-gallery-link' aria-hidden='true' data-av_icon='\ue869' data-av_iconfont='entypo-fontello' title='J\u00fcrgen Paas, UKEBOX 270 &amp; 271, PVC, Multiplex; 2023,70 x 118 x 8 cm \u00a9 Peter Jagusch' alt=''><\/a><\/div><div class='av-horizontal-gallery-wrap noHover'><img decoding=\"async\" class='wp-image-23407 avia-img-lazy-loading-not-23407 av-horizontal-gallery-img' width=\"1025\" height=\"1536\" src=\"https:\/\/www.galerie-braunbehrens.de\/wp-content\/uploads\/2024\/08\/paas-braunbehrens_A7R2186-LowRes-1025x1536.jpg\" title='J\u00fcrgen Paas, POPPLANET 168, Farbpapierschnitte (Block), Acrylglas; 2022, 26 x 26 x 8 cm, \u00a9 Peter Jagusch' alt='' srcset=\"https:\/\/www.galerie-braunbehrens.de\/wp-content\/uploads\/2024\/08\/paas-braunbehrens_A7R2186-LowRes-1025x1536.jpg 1025w, https:\/\/www.galerie-braunbehrens.de\/wp-content\/uploads\/2024\/08\/paas-braunbehrens_A7R2186-LowRes-200x300.jpg 200w, https:\/\/www.galerie-braunbehrens.de\/wp-content\/uploads\/2024\/08\/paas-braunbehrens_A7R2186-LowRes-687x1030.jpg 687w, https:\/\/www.galerie-braunbehrens.de\/wp-content\/uploads\/2024\/08\/paas-braunbehrens_A7R2186-LowRes-768x1151.jpg 768w, https:\/\/www.galerie-braunbehrens.de\/wp-content\/uploads\/2024\/08\/paas-braunbehrens_A7R2186-LowRes-1366x2048.jpg 1366w, https:\/\/www.galerie-braunbehrens.de\/wp-content\/uploads\/2024\/08\/paas-braunbehrens_A7R2186-LowRes-1001x1500.jpg 1001w, https:\/\/www.galerie-braunbehrens.de\/wp-content\/uploads\/2024\/08\/paas-braunbehrens_A7R2186-LowRes-470x705.jpg 470w, https:\/\/www.galerie-braunbehrens.de\/wp-content\/uploads\/2024\/08\/paas-braunbehrens_A7R2186-LowRes-scaled.jpg 1708w\" sizes=\"(max-width: 1025px) 100vw, 1025px\" \/><a href=\"https:\/\/www.galerie-braunbehrens.de\/wp-content\/uploads\/2024\/08\/paas-braunbehrens_A7R2186-LowRes-687x1030.jpg\" data-srcset=\"https:\/\/www.galerie-braunbehrens.de\/wp-content\/uploads\/2024\/08\/paas-braunbehrens_A7R2186-LowRes-687x1030.jpg 687w, https:\/\/www.galerie-braunbehrens.de\/wp-content\/uploads\/2024\/08\/paas-braunbehrens_A7R2186-LowRes-200x300.jpg 200w, https:\/\/www.galerie-braunbehrens.de\/wp-content\/uploads\/2024\/08\/paas-braunbehrens_A7R2186-LowRes-768x1151.jpg 768w, https:\/\/www.galerie-braunbehrens.de\/wp-content\/uploads\/2024\/08\/paas-braunbehrens_A7R2186-LowRes-1025x1536.jpg 1025w, https:\/\/www.galerie-braunbehrens.de\/wp-content\/uploads\/2024\/08\/paas-braunbehrens_A7R2186-LowRes-1366x2048.jpg 1366w, https:\/\/www.galerie-braunbehrens.de\/wp-content\/uploads\/2024\/08\/paas-braunbehrens_A7R2186-LowRes-1001x1500.jpg 1001w, https:\/\/www.galerie-braunbehrens.de\/wp-content\/uploads\/2024\/08\/paas-braunbehrens_A7R2186-LowRes-470x705.jpg 470w, https:\/\/www.galerie-braunbehrens.de\/wp-content\/uploads\/2024\/08\/paas-braunbehrens_A7R2186-LowRes-scaled.jpg 1708w\" data-sizes=\"(max-width: 687px) 100vw, 687px\" class='av-horizontal-gallery-link' aria-hidden='true' data-av_icon='\ue869' data-av_iconfont='entypo-fontello' title='J\u00fcrgen Paas, POPPLANET 168, Farbpapierschnitte (Block), Acrylglas; 2022, 26 x 26 x 8 cm, \u00a9 Peter Jagusch' alt=''><\/a><\/div><div class='av-horizontal-gallery-wrap noHover'><img decoding=\"async\" class='wp-image-23401 avia-img-lazy-loading-not-23401 av-horizontal-gallery-img' width=\"1025\" height=\"1536\" src=\"https:\/\/www.galerie-braunbehrens.de\/wp-content\/uploads\/2024\/08\/paas-braunbehrens_A7R2194-LowRes-1025x1536.jpg\" title='J\u00fcrgen Paas, POPPLANET 168 (Detail), Farbpapierschnitte (Block), Acrylglas; 2022, 26 x 26 x 8 cm,  \u00a9 Peter Jagusch' alt='' srcset=\"https:\/\/www.galerie-braunbehrens.de\/wp-content\/uploads\/2024\/08\/paas-braunbehrens_A7R2194-LowRes-1025x1536.jpg 1025w, https:\/\/www.galerie-braunbehrens.de\/wp-content\/uploads\/2024\/08\/paas-braunbehrens_A7R2194-LowRes-200x300.jpg 200w, https:\/\/www.galerie-braunbehrens.de\/wp-content\/uploads\/2024\/08\/paas-braunbehrens_A7R2194-LowRes-687x1030.jpg 687w, https:\/\/www.galerie-braunbehrens.de\/wp-content\/uploads\/2024\/08\/paas-braunbehrens_A7R2194-LowRes-768x1151.jpg 768w, https:\/\/www.galerie-braunbehrens.de\/wp-content\/uploads\/2024\/08\/paas-braunbehrens_A7R2194-LowRes-1366x2048.jpg 1366w, https:\/\/www.galerie-braunbehrens.de\/wp-content\/uploads\/2024\/08\/paas-braunbehrens_A7R2194-LowRes-1001x1500.jpg 1001w, https:\/\/www.galerie-braunbehrens.de\/wp-content\/uploads\/2024\/08\/paas-braunbehrens_A7R2194-LowRes-470x705.jpg 470w, https:\/\/www.galerie-braunbehrens.de\/wp-content\/uploads\/2024\/08\/paas-braunbehrens_A7R2194-LowRes-scaled.jpg 1708w\" sizes=\"(max-width: 1025px) 100vw, 1025px\" \/><a href=\"https:\/\/www.galerie-braunbehrens.de\/wp-content\/uploads\/2024\/08\/paas-braunbehrens_A7R2194-LowRes-687x1030.jpg\" data-srcset=\"https:\/\/www.galerie-braunbehrens.de\/wp-content\/uploads\/2024\/08\/paas-braunbehrens_A7R2194-LowRes-687x1030.jpg 687w, https:\/\/www.galerie-braunbehrens.de\/wp-content\/uploads\/2024\/08\/paas-braunbehrens_A7R2194-LowRes-200x300.jpg 200w, https:\/\/www.galerie-braunbehrens.de\/wp-content\/uploads\/2024\/08\/paas-braunbehrens_A7R2194-LowRes-768x1151.jpg 768w, https:\/\/www.galerie-braunbehrens.de\/wp-content\/uploads\/2024\/08\/paas-braunbehrens_A7R2194-LowRes-1025x1536.jpg 1025w, https:\/\/www.galerie-braunbehrens.de\/wp-content\/uploads\/2024\/08\/paas-braunbehrens_A7R2194-LowRes-1366x2048.jpg 1366w, https:\/\/www.galerie-braunbehrens.de\/wp-content\/uploads\/2024\/08\/paas-braunbehrens_A7R2194-LowRes-1001x1500.jpg 1001w, https:\/\/www.galerie-braunbehrens.de\/wp-content\/uploads\/2024\/08\/paas-braunbehrens_A7R2194-LowRes-470x705.jpg 470w, https:\/\/www.galerie-braunbehrens.de\/wp-content\/uploads\/2024\/08\/paas-braunbehrens_A7R2194-LowRes-scaled.jpg 1708w\" data-sizes=\"(max-width: 687px) 100vw, 687px\" class='av-horizontal-gallery-link' aria-hidden='true' data-av_icon='\ue869' data-av_iconfont='entypo-fontello' title='J\u00fcrgen Paas, POPPLANET 168 (Detail), Farbpapierschnitte (Block), Acrylglas; 2022, 26 x 26 x 8 cm,  \u00a9 Peter Jagusch' alt=''><\/a><\/div><div class='av-horizontal-gallery-wrap noHover'><img decoding=\"async\" class='wp-image-23351 avia-img-lazy-loading-not-23351 av-horizontal-gallery-img' width=\"1025\" height=\"1536\" src=\"https:\/\/www.galerie-braunbehrens.de\/wp-content\/uploads\/2023\/01\/paas-braunbehrens_A7R2178-LowRes-1025x1536.jpg\" title='J\u00fcrgen Paas, REVOLVER I - III  Lack auf MDF; 2013, 60 x 60 x 3 cm \u00a9 Peter Jagusch' alt='' srcset=\"https:\/\/www.galerie-braunbehrens.de\/wp-content\/uploads\/2023\/01\/paas-braunbehrens_A7R2178-LowRes-1025x1536.jpg 1025w, https:\/\/www.galerie-braunbehrens.de\/wp-content\/uploads\/2023\/01\/paas-braunbehrens_A7R2178-LowRes-200x300.jpg 200w, https:\/\/www.galerie-braunbehrens.de\/wp-content\/uploads\/2023\/01\/paas-braunbehrens_A7R2178-LowRes-687x1030.jpg 687w, https:\/\/www.galerie-braunbehrens.de\/wp-content\/uploads\/2023\/01\/paas-braunbehrens_A7R2178-LowRes-768x1151.jpg 768w, https:\/\/www.galerie-braunbehrens.de\/wp-content\/uploads\/2023\/01\/paas-braunbehrens_A7R2178-LowRes-1366x2048.jpg 1366w, https:\/\/www.galerie-braunbehrens.de\/wp-content\/uploads\/2023\/01\/paas-braunbehrens_A7R2178-LowRes-1001x1500.jpg 1001w, https:\/\/www.galerie-braunbehrens.de\/wp-content\/uploads\/2023\/01\/paas-braunbehrens_A7R2178-LowRes-470x705.jpg 470w, https:\/\/www.galerie-braunbehrens.de\/wp-content\/uploads\/2023\/01\/paas-braunbehrens_A7R2178-LowRes-scaled.jpg 1708w\" sizes=\"(max-width: 1025px) 100vw, 1025px\" \/><a href=\"https:\/\/www.galerie-braunbehrens.de\/wp-content\/uploads\/2023\/01\/paas-braunbehrens_A7R2178-LowRes-687x1030.jpg\" data-srcset=\"https:\/\/www.galerie-braunbehrens.de\/wp-content\/uploads\/2023\/01\/paas-braunbehrens_A7R2178-LowRes-687x1030.jpg 687w, https:\/\/www.galerie-braunbehrens.de\/wp-content\/uploads\/2023\/01\/paas-braunbehrens_A7R2178-LowRes-200x300.jpg 200w, https:\/\/www.galerie-braunbehrens.de\/wp-content\/uploads\/2023\/01\/paas-braunbehrens_A7R2178-LowRes-768x1151.jpg 768w, https:\/\/www.galerie-braunbehrens.de\/wp-content\/uploads\/2023\/01\/paas-braunbehrens_A7R2178-LowRes-1025x1536.jpg 1025w, https:\/\/www.galerie-braunbehrens.de\/wp-content\/uploads\/2023\/01\/paas-braunbehrens_A7R2178-LowRes-1366x2048.jpg 1366w, https:\/\/www.galerie-braunbehrens.de\/wp-content\/uploads\/2023\/01\/paas-braunbehrens_A7R2178-LowRes-1001x1500.jpg 1001w, https:\/\/www.galerie-braunbehrens.de\/wp-content\/uploads\/2023\/01\/paas-braunbehrens_A7R2178-LowRes-470x705.jpg 470w, https:\/\/www.galerie-braunbehrens.de\/wp-content\/uploads\/2023\/01\/paas-braunbehrens_A7R2178-LowRes-scaled.jpg 1708w\" data-sizes=\"(max-width: 687px) 100vw, 687px\" class='av-horizontal-gallery-link' aria-hidden='true' data-av_icon='\ue869' data-av_iconfont='entypo-fontello' title='J\u00fcrgen Paas, REVOLVER I - III  Lack auf MDF; 2013, 60 x 60 x 3 cm \u00a9 Peter Jagusch' alt=''><\/a><\/div><div class='av-horizontal-gallery-wrap noHover'><img decoding=\"async\" class='wp-image-23393 avia-img-lazy-loading-not-23393 av-horizontal-gallery-img' width=\"1536\" height=\"1025\" src=\"https:\/\/www.galerie-braunbehrens.de\/wp-content\/uploads\/2024\/08\/paas-braunbehrens_A7R2151-LowRes-1536x1025.jpg\" title='J\u00fcrgen Paas, Jeu de carr\u00e9 (SCHWARZ) &amp; (BUNT) , 8 Skizzenb\u00fccher, Aquarelle, MDF, verz. Stahlrahmen; 2022, 101,5 x 101,5 x 4,5 cm 8 Skizzenb\u00fccher, Aquarelle, MDF, verz. Stahlrahmen; 2022, 101,5 x 101,5 x 4,5 cm, \u00a9 Peter Jagusch' alt='' srcset=\"https:\/\/www.galerie-braunbehrens.de\/wp-content\/uploads\/2024\/08\/paas-braunbehrens_A7R2151-LowRes-1536x1025.jpg 1536w, https:\/\/www.galerie-braunbehrens.de\/wp-content\/uploads\/2024\/08\/paas-braunbehrens_A7R2151-LowRes-300x200.jpg 300w, https:\/\/www.galerie-braunbehrens.de\/wp-content\/uploads\/2024\/08\/paas-braunbehrens_A7R2151-LowRes-1030x687.jpg 1030w, https:\/\/www.galerie-braunbehrens.de\/wp-content\/uploads\/2024\/08\/paas-braunbehrens_A7R2151-LowRes-768x512.jpg 768w, https:\/\/www.galerie-braunbehrens.de\/wp-content\/uploads\/2024\/08\/paas-braunbehrens_A7R2151-LowRes-2048x1366.jpg 2048w, https:\/\/www.galerie-braunbehrens.de\/wp-content\/uploads\/2024\/08\/paas-braunbehrens_A7R2151-LowRes-1500x1001.jpg 1500w, https:\/\/www.galerie-braunbehrens.de\/wp-content\/uploads\/2024\/08\/paas-braunbehrens_A7R2151-LowRes-705x470.jpg 705w\" sizes=\"(max-width: 1536px) 100vw, 1536px\" \/><a href=\"https:\/\/www.galerie-braunbehrens.de\/wp-content\/uploads\/2024\/08\/paas-braunbehrens_A7R2151-LowRes-1030x687.jpg\" data-srcset=\"https:\/\/www.galerie-braunbehrens.de\/wp-content\/uploads\/2024\/08\/paas-braunbehrens_A7R2151-LowRes-1030x687.jpg 1030w, https:\/\/www.galerie-braunbehrens.de\/wp-content\/uploads\/2024\/08\/paas-braunbehrens_A7R2151-LowRes-300x200.jpg 300w, https:\/\/www.galerie-braunbehrens.de\/wp-content\/uploads\/2024\/08\/paas-braunbehrens_A7R2151-LowRes-768x512.jpg 768w, https:\/\/www.galerie-braunbehrens.de\/wp-content\/uploads\/2024\/08\/paas-braunbehrens_A7R2151-LowRes-1536x1025.jpg 1536w, https:\/\/www.galerie-braunbehrens.de\/wp-content\/uploads\/2024\/08\/paas-braunbehrens_A7R2151-LowRes-2048x1366.jpg 2048w, https:\/\/www.galerie-braunbehrens.de\/wp-content\/uploads\/2024\/08\/paas-braunbehrens_A7R2151-LowRes-1500x1001.jpg 1500w, https:\/\/www.galerie-braunbehrens.de\/wp-content\/uploads\/2024\/08\/paas-braunbehrens_A7R2151-LowRes-705x470.jpg 705w\" data-sizes=\"(max-width: 1030px) 100vw, 1030px\" class='av-horizontal-gallery-link' aria-hidden='true' data-av_icon='\ue869' data-av_iconfont='entypo-fontello' title='J\u00fcrgen Paas, Jeu de carr\u00e9 (SCHWARZ) &amp; (BUNT) , 8 Skizzenb\u00fccher, Aquarelle, MDF, verz. Stahlrahmen; 2022, 101,5 x 101,5 x 4,5 cm 8 Skizzenb\u00fccher, Aquarelle, MDF, verz. Stahlrahmen; 2022, 101,5 x 101,5 x 4,5 cm, \u00a9 Peter Jagusch' alt=''><\/a><\/div><div class='av-horizontal-gallery-wrap noHover'><img decoding=\"async\" class='wp-image-23395 avia-img-lazy-loading-not-23395 av-horizontal-gallery-img' width=\"1536\" height=\"1025\" src=\"https:\/\/www.galerie-braunbehrens.de\/wp-content\/uploads\/2024\/08\/paas-braunbehrens_A7R2162-LowRes-1536x1025.jpg\" title='J\u00fcrgen Paas, Colour maschine, Raumansicht Raum 2 nach 1,  \u00a9 Peter Jagusch' alt='' srcset=\"https:\/\/www.galerie-braunbehrens.de\/wp-content\/uploads\/2024\/08\/paas-braunbehrens_A7R2162-LowRes-1536x1025.jpg 1536w, https:\/\/www.galerie-braunbehrens.de\/wp-content\/uploads\/2024\/08\/paas-braunbehrens_A7R2162-LowRes-300x200.jpg 300w, https:\/\/www.galerie-braunbehrens.de\/wp-content\/uploads\/2024\/08\/paas-braunbehrens_A7R2162-LowRes-1030x687.jpg 1030w, https:\/\/www.galerie-braunbehrens.de\/wp-content\/uploads\/2024\/08\/paas-braunbehrens_A7R2162-LowRes-768x512.jpg 768w, https:\/\/www.galerie-braunbehrens.de\/wp-content\/uploads\/2024\/08\/paas-braunbehrens_A7R2162-LowRes-2048x1366.jpg 2048w, https:\/\/www.galerie-braunbehrens.de\/wp-content\/uploads\/2024\/08\/paas-braunbehrens_A7R2162-LowRes-1500x1001.jpg 1500w, https:\/\/www.galerie-braunbehrens.de\/wp-content\/uploads\/2024\/08\/paas-braunbehrens_A7R2162-LowRes-705x470.jpg 705w\" sizes=\"(max-width: 1536px) 100vw, 1536px\" \/><a href=\"https:\/\/www.galerie-braunbehrens.de\/wp-content\/uploads\/2024\/08\/paas-braunbehrens_A7R2162-LowRes-1030x687.jpg\" data-srcset=\"https:\/\/www.galerie-braunbehrens.de\/wp-content\/uploads\/2024\/08\/paas-braunbehrens_A7R2162-LowRes-1030x687.jpg 1030w, https:\/\/www.galerie-braunbehrens.de\/wp-content\/uploads\/2024\/08\/paas-braunbehrens_A7R2162-LowRes-300x200.jpg 300w, https:\/\/www.galerie-braunbehrens.de\/wp-content\/uploads\/2024\/08\/paas-braunbehrens_A7R2162-LowRes-768x512.jpg 768w, https:\/\/www.galerie-braunbehrens.de\/wp-content\/uploads\/2024\/08\/paas-braunbehrens_A7R2162-LowRes-1536x1025.jpg 1536w, https:\/\/www.galerie-braunbehrens.de\/wp-content\/uploads\/2024\/08\/paas-braunbehrens_A7R2162-LowRes-2048x1366.jpg 2048w, https:\/\/www.galerie-braunbehrens.de\/wp-content\/uploads\/2024\/08\/paas-braunbehrens_A7R2162-LowRes-1500x1001.jpg 1500w, https:\/\/www.galerie-braunbehrens.de\/wp-content\/uploads\/2024\/08\/paas-braunbehrens_A7R2162-LowRes-705x470.jpg 705w\" data-sizes=\"(max-width: 1030px) 100vw, 1030px\" class='av-horizontal-gallery-link' aria-hidden='true' data-av_icon='\ue869' data-av_iconfont='entypo-fontello' title='J\u00fcrgen Paas, Colour maschine, Raumansicht Raum 2 nach 1,  \u00a9 Peter Jagusch' alt=''><\/a><\/div><\/div><\/div><\/div><\/div><div   class='hr hr-default  '><span class='hr-inner ' ><span class='hr-inner-style'><\/span><\/span><\/div><\/p>\n<div class=\"flex_column av_one_full  flex_column_div av-zero-column-padding first  \" style='border-radius:0px; '><p><section class=\"av_textblock_section \"  itemscope=\"itemscope\" itemtype=\"https:\/\/schema.org\/CreativeWork\" ><div class='avia_textblock  '   itemprop=\"text\" ><p><strong>&#8220;Circles whirr across the wall, generating rotating motions in the eye of viewer, even taking possession of the square and (&#8230;) spread in keeping with the chaos theory acorss the entire surface of the wall.&#8221;<\/strong><\/p>\n<\/div><\/section><br \/>\n<section class=\"av_textblock_section \"  itemscope=\"itemscope\" itemtype=\"https:\/\/schema.org\/CreativeWork\" ><div class='avia_textblock  '  style='font-size:16px; '  itemprop=\"text\" ><p>Martin Stather, A Tidy Home, a Tidy Mind &#8211; In Place of a Foreword, Catalog: J\u00fcrgen Paas, Target &amp; Jukebox, Kettler, 2018, p. 13<\/p>\n<h5><strong>\u00a0<\/strong><\/h5>\n<\/div><\/section><\/p><\/div>\n<div class=\"flex_column av_one_full  flex_column_div av-zero-column-padding first  \" style='border-radius:0px; '><section class=\"av_textblock_section \"  itemscope=\"itemscope\" itemtype=\"https:\/\/schema.org\/CreativeWork\" ><div class='avia_textblock  '   itemprop=\"text\" ><p align=\"JUSTIFY\">Whether it be form material or composition. All elements of J\u00fcrgen Paas&#8217; minimalist works are self- contained and equal significant. The results are illusionistic works made of colorful PVC ribbons that invite the viewer to move around and explore them. J\u00fcrgen Paa&#8217;s objects are not intended to represent anything. Their effect is paradoxical. The objective, equivalent design triggers a completely subjective, personal experience in the viewer. Tense expectations and emotions are just as much a part of understanding J\u00fcrgen Paa&#8217;s work as the joy of the self-efficacy of each individual and grouped object in the exhibition space.<\/p>\n<p>We cordially invite you to the <strong>vernissage on September 21, 2024 from 11am &#8211; 1pm<\/strong> in the Braunbehrens gallery. The exhibition will open during the <strong>Art Alarm<\/strong> weekend.<br \/>\nWe look forward to your visit!<\/p>\n<\/div><\/section><\/div>\n<\/div><\/div><\/div><!-- close content main div --><\/div><\/div><div id='av_section_1'  class='avia-section main_color avia-section-default avia-no-border-styling  avia-bg-style-scroll  single-artist-exibitions-list  container_wrap sidebar_right' style=' '  ><div class='container' ><div class='template-page content  av-content-small alpha units'><div class='post-entry post-entry-type-page post-entry-23246'><div class='entry-content-wrapper clearfix'>\n<div class=\"flex_column av_one_full  flex_column_div av-zero-column-padding first  \" style='border-radius:0px; '><p><div  style='padding-bottom:10px; font-size:52px;' class='av-special-heading av-special-heading-h3  blockquote modern-quote  av-inherit-size '><h3 class='av-special-heading-tag '  itemprop=\"headline\"  >Artist<\/h3><div class='special-heading-border'><div class='special-heading-inner-border' ><\/div><\/div><\/div><br \/>\n<div  data-autoplay=''  data-interval='5'  data-animation='fade'  data-show_slide_delay='90'  class='avia-content-slider avia-content-grid-active avia-content-slider1 avia-content-slider-even  artist-loop '  itemscope=\"itemscope\" itemtype=\"https:\/\/schema.org\/Blog\" ><div class='avia-content-slider-inner'><div class='slide-entry-wrap'><article class='slide-entry flex_column  post-entry post-entry-22710 slide-entry-overview slide-loop-1 slide-parity-odd  post-entry-last  av_one_fourth first real-thumbnail'  itemscope=\"itemscope\" itemtype=\"https:\/\/schema.org\/BlogPosting\" itemprop=\"blogPost\" ><a href='https:\/\/www.galerie-braunbehrens.de\/en\/artists\/paas-juergen\/' data-rel='slide-1' class='slide-image' title=''><img width=\"400\" height=\"200\" src=\"https:\/\/www.galerie-braunbehrens.de\/wp-content\/uploads\/2023\/01\/10.PAAS_PORTRAIT_2019oTimo.Kabel_-400x200.png\" class=\"wp-image-19104 avia-img-lazy-loading-19104 attachment-artist-loop size-artist-loop wp-post-image\" alt=\"\" decoding=\"async\" loading=\"lazy\" \/><\/a><div class='slide-content'><header class=\"entry-content-header\"><h3 class='slide-entry-title entry-title'  itemprop=\"headline\" ><a href='https:\/\/www.galerie-braunbehrens.de\/en\/artists\/paas-juergen\/' title='Paas, J\u00fcrgen'>Paas, J\u00fcrgen<\/a><\/h3><span class=\"av-vertical-delimiter\"><\/span><\/header><div class='slide-meta'><time class='slide-meta-time updated'  itemprop=\"datePublished\" datetime=\"2024-06-07T17:42:40+02:00\" >7. June 2024<\/time><\/div><div class='slide-entry-excerpt entry-content'  itemprop=\"text\" ><div class=\"read-more-link\"><a href=\"https:\/\/www.galerie-braunbehrens.de\/en\/artists\/paas-juergen\/\" class=\"more-link\">Read more<\/a><\/div><\/div><\/div><footer class=\"entry-footer\"><\/footer><span class='hidden'>\n\t\t\t\t<span class='av-structured-data'  itemprop=\"image\" itemscope=\"itemscope\" itemtype=\"https:\/\/schema.org\/ImageObject\" >\n\t\t\t\t\t\t<span itemprop='url'>https:\/\/www.galerie-braunbehrens.de\/wp-content\/uploads\/2023\/01\/10.PAAS_PORTRAIT_2019oTimo.Kabel_.png<\/span>\n\t\t\t\t\t\t<span itemprop='height'>2268<\/span>\n\t\t\t\t\t\t<span itemprop='width'>3402<\/span>\n\t\t\t\t<\/span>\n\t\t\t\t<span class='av-structured-data'  itemprop=\"publisher\" itemtype=\"https:\/\/schema.org\/Organization\" itemscope=\"itemscope\" >\n\t\t\t\t\t\t<span itemprop='name'>Leonie Mistral<\/span>\n\t\t\t\t\t\t<span itemprop='logo' itemscope itemtype='https:\/\/schema.org\/ImageObject'>\n\t\t\t\t\t\t\t<span itemprop='url'>https:\/\/www.galerie-braunbehrens.de\/wp-content\/uploads\/2018\/09\/logo.svg<\/span>\n\t\t\t\t\t\t <\/span>\n\t\t\t\t<\/span><span class='av-structured-data'  itemprop=\"author\" itemscope=\"itemscope\" itemtype=\"https:\/\/schema.org\/Person\" ><span itemprop='name'>Leonie Mistral<\/span><\/span><span class='av-structured-data'  itemprop=\"datePublished\" datetime=\"2024-06-07T17:42:40+02:00\" >2024-06-07 17:42:40<\/span><span class='av-structured-data'  itemprop=\"dateModified\" itemtype=\"https:\/\/schema.org\/dateModified\" >2025-06-13 13:54:02<\/span><span class='av-structured-data'  itemprop=\"mainEntityOfPage\" itemtype=\"https:\/\/schema.org\/mainEntityOfPage\" ><span itemprop='name'>Paas, J\u00fcrgen<\/span><\/span><\/span><\/article><\/div><\/div><\/div><\/p><\/div>\n<\/div><\/div><\/div><!-- close content main div --><\/div><\/div><div id='after_section_1'  class='main_color av_default_container_wrap container_wrap sidebar_right' style=' '  ><div class='container' ><div class='template-page content  av-content-small alpha units'><div class='post-entry post-entry-type-page post-entry-23246'><div class='entry-content-wrapper clearfix'>\n","protected":false},"excerpt":{"rendered":"","protected":false},"author":17,"featured_media":23214,"template":"","meta":[],"tags":[],"tribe_events_cat":[30],"aioseo_notices":[],"_links":{"self":[{"href":"https:\/\/www.galerie-braunbehrens.de\/en\/wp-json\/wp\/v2\/tribe_events\/23246"}],"collection":[{"href":"https:\/\/www.galerie-braunbehrens.de\/en\/wp-json\/wp\/v2\/tribe_events"}],"about":[{"href":"https:\/\/www.galerie-braunbehrens.de\/en\/wp-json\/wp\/v2\/types\/tribe_events"}],"author":[{"embeddable":true,"href":"https:\/\/www.galerie-braunbehrens.de\/en\/wp-json\/wp\/v2\/users\/17"}],"version-history":[{"count":6,"href":"https:\/\/www.galerie-braunbehrens.de\/en\/wp-json\/wp\/v2\/tribe_events\/23246\/revisions"}],"predecessor-version":[{"id":24108,"href":"https:\/\/www.galerie-braunbehrens.de\/en\/wp-json\/wp\/v2\/tribe_events\/23246\/revisions\/24108"}],"wp:featuredmedia":[{"embeddable":true,"href":"https:\/\/www.galerie-braunbehrens.de\/en\/wp-json\/wp\/v2\/media\/23214"}],"wp:attachment":[{"href":"https:\/\/www.galerie-braunbehrens.de\/en\/wp-json\/wp\/v2\/media?parent=23246"}],"wp:term":[{"taxonomy":"post_tag","embeddable":true,"href":"https:\/\/www.galerie-braunbehrens.de\/en\/wp-json\/wp\/v2\/tags?post=23246"},{"taxonomy":"tribe_events_cat","embeddable":true,"href":"https:\/\/www.galerie-braunbehrens.de\/en\/wp-json\/wp\/v2\/tribe_events_cat?post=23246"}],"curies":[{"name":"wp","href":"https:\/\/api.w.org\/{rel}","templated":true}]}}